{"id":19,"date":"2017-11-09T11:11:58","date_gmt":"2017-11-09T10:11:58","guid":{"rendered":"http:\/\/atelierdubourg.fr\/adb\/?page_id=19"},"modified":"2024-03-22T16:18:35","modified_gmt":"2024-03-22T15:18:35","slug":"labo","status":"publish","type":"page","link":"https:\/\/atelierdubourg.fr\/adb\/labo\/","title":{"rendered":"Labo"},"content":{"rendered":"<p>[vc_row][vc_column width=\u00a0\u00bb2\/3&Prime;][vc_column_text css=\u00a0\u00bb.vc_custom_1621349907050{margin-top: 55px !important;margin-bottom: 50px !important;}\u00a0\u00bb]<\/p>\n<h3><strong>LABORATOIRE ARTISTIQUE<\/strong><\/h3>\n<p>[\/vc_column_text][vc_column_text]<\/p>\n<p class=\"p1\">S\u00c9RIGRAPHIE \/ ATELIERS \/ EXPOSITIONS<\/p>\n<p>&nbsp;<\/p>\n<p class=\"p1\">L\u2019Atelier du Bourg s\u2019est constitu\u00e9 en association d&rsquo;artistes en 2013 afin de soutenir la micro-\u00e9dition ind\u00e9pendante et de valoriser les techniques d&rsquo;impression artisanale. Porteur de\u00a0projets, nous\u00a0participons ainsi aux soutiens des artistes, \u00e0 la diffusion de\u00a0leurs cr\u00e9ations et \u00e0 la rencontre avec le public \u00e0 travers la mise en place d&rsquo;ateliers participatifs, de projets collaboratifs, de r\u00e9sidences de cr\u00e9ation et de dispositifs de\u00a0monstration. Une\u00a0attention particuli\u00e8re est port\u00e9e \u00e0\u00a0la\u00a0dimension sociale et p\u00e9dagogique autour de nos pratiques artistiques. Nous proposons des temps de\u00a0d\u00e9couverte ouverts aux petits et aux grands, principalement autour de la s\u00e9rigraphie, et imaginons avec le public de nouvelles formes \u00e9ditoriales.<\/p>\n<p>&nbsp;<\/p>\n<p class=\"p1\">Ainsi en 2019, en\u00a0partenariat avec le Th\u00e9\u00e2tre National de Bretagne, nous\u00a0avons cr\u00e9\u00e9 et imprim\u00e9 avec un groupe de jeunes de 11-14 ans du\u00a0quartier de Villejean (Rennes), le\u00a0journal <i>\u00c9dition Sp\u00e9ciale N\u00b01<\/i>, une forme exp\u00e9rimentale de\u00a0publication qui vient questionner une pi\u00e8ce de la saison autour de\u00a0ses\u00a0liens avec l\u2019actualit\u00e9 sociale, politique et culturelle. Un second opus, <i>\u00c9dition Sp\u00e9ciale N\u00b02,<\/i> est en cours d&rsquo;\u00e9laboration actuellement dans un projet hybride franco-allemand avec des jeunes en r\u00e9insertion \u00e2g\u00e9s de 18-25 ans, en partenariat avec l&rsquo;association Jeunes \u00e0 Travers le\u00a0Monde. Un troisi\u00e8me opus devrait voir le jour en 2022 en partenariat avec trois Th\u00e9\u00e2tres nationaux de France, d&rsquo;Allemagne et de Tch\u00e9quie.<\/p>\n<p>&nbsp;<\/p>\n<p class=\"p1\">C&rsquo;est dans ce m\u00eame soucis de partage et\u00a0d&rsquo;accessibilit\u00e9 que notre \u00e9quipe a co-fond\u00e9 Le\u00a0March\u00e9 Noir, un festival convivial d\u00e9di\u00e9 \u00e0 la pratique contemporaine des arts imprim\u00e9s dont la 10<sup>e<\/sup> \u00e9dition se tiendra en 2021. Chaque ann\u00e9e nous accueillons \u00e0 Rennes une vingtaine d&rsquo;artistes francophones \u00e0 venir pr\u00e9senter leurs univers \u00e0 un large public (2000\/3000 pers.) \u00e0\u00a0travers un\u00a0salon de la micro-\u00e9dition, des\u00a0ateliers, des\u00a0concerts, des\u00a0rencontres et\u00a0une\u00a0s\u00e9rie d&rsquo;expositions qui se tiennent un peu partout en ville.<\/p>\n<p>&nbsp;<\/p>\n<p class=\"p1\">Depuis 2016, les 15 artistes du March\u00e9 Noir dispose d\u2019un atelier mutualis\u00e9 o\u00f9 il d\u00e9ploie d\u00e9sormais leurs activit\u00e9s au d\u00e9l\u00e0 de l\u2019organisation du festival. L\u2019atelier dispose d\u2019une surface de 200 m2 comprenant des box pour les artistes, un atelier de s\u00e9rigraphie, un atelier de gravure, une boutique et des espaces communs, permettant \u00e0 chacun de poursuivre ses recherches et d&rsquo;accueillir du public. La mutualisation des\u00a0outils, l\u2019important fond documentaire et iconographique font de\u00a0cet\u00a0atelier un lieu-ressource \u00e0 Rennes autour des arts graphiques.<\/p>\n<p>[\/vc_column_text][vc_single_image image=\u00a0\u00bb633&Prime; img_size=\u00a0\u00bbfull\u00a0\u00bb][\/vc_column][vc_column width=\u00a0\u00bb1\/3&Prime;][vc_column_text css=\u00a0\u00bb.vc_custom_1621350046697{margin-top: 55px !important;margin-bottom: 50px !important;}\u00a0\u00bb]<\/p>\n<h3><strong>INITIATION<\/strong><\/h3>\n<p>[\/vc_column_text][vc_column_text]LA FABRIQUE DU SAMEDI<\/p>\n<p>Atelier d\u2019initiation \u00e0 la s\u00e9rigraphie<br \/>\n<span style=\"text-decoration: underline;\"><a href=\"https:\/\/atelierdubourg.fr\/adb\/portfolio\/la-fabrique-du-samedi\/\">en savoir plus<\/a><\/span>[\/vc_column_text][vc_column_text css=\u00a0\u00bb.vc_custom_1621348652122{margin-top: 55px !important;margin-bottom: 50px !important;}\u00a0\u00bb]<\/p>\n<h3><strong>INFOS<\/strong><\/h3>\n<p>[\/vc_column_text][vc_column_text]<\/p>\n<p class=\"p1\">ATELIERS \/ EXPOSITIONS<\/p>\n<p class=\"p1\">Anna Boulanger<span class=\"s1\"><br \/>\n<\/span><u>anna@atelierdubourg.fr<\/u><span class=\"s1\"><br \/>\n<\/span>06 86 84 42 41<\/p>\n<p>[\/vc_column_text][vc_column_text]LOCAUX<\/p>\n<p>L&rsquo;Atelier du Bourg<br \/>\n11 rue de Flandre 35000 Rennes<\/p>\n<p><u><a href=\"https:\/\/goo.gl\/maps\/71zqvwVbBp72\">Lien Google map<\/a><\/u>[\/vc_column_text][vc_single_image image=\u00a0\u00bb657&Prime; img_size=\u00a0\u00bb175&#215;216&Prime;][\/vc_column][\/vc_row][vc_row][vc_column][vc_column_text]<\/p>\n<h3>ACTIONS<\/h3>\n<p>[\/vc_column_text][vc_column_text]<strong>Ateliers<br \/>\n<\/strong>\u2022<br \/>\n<strong>\u2013 <a href=\"http:\/\/atelierdubourg.fr\/adb\/portfolio\/la-fabrique-du-samedi\/\">Initiation \u00e0 la s\u00e9rigraphie<\/a>, propos\u00e9 1 samedi par mois \u00e0 l&rsquo;Atelier du Bourg<\/strong><\/p>\n<p><a href=\"https:\/\/atelierdubourg.fr\/adb\/portfolio\/latlas-des-societes-futures\/\">\u2013 S\u00e9rigraphie<\/a>\u23aaJourn\u00e9e du Patrimoine au Mus\u00e9e de Bretagne, avec l&rsquo;\u00c9cole Parall\u00e8le Imaginaire<br \/>\n\u2013 S\u00e9rigraphie\u23aaLyc\u00e9e professionnel Jean Moulin \u00e0 Saint-Brieuc, f\u00e9vrier 2020<br \/>\n\u2013 S\u00e9rigraphie\u23aaFestival ici, La Passerelle, Saint-Brieuc, f\u00e9vrier 2020<br \/>\n\u2013 Projet d&rsquo;\u00e9ducation artistique et culturelle, <em>Suivi de chantier<\/em>\u23aa\u00c9cole Saint Jean de Bosco, 2019<br \/>\n\u2013 <a href=\"https:\/\/atelierdubourg.fr\/adb\/portfolio\/tnb-en-famille\/\">S\u00e9rigraphie<\/a>\u23aa<em>TNB en famille<\/em>, Th\u00e9\u00e2tre National de Bretagne, octobre 2019<br \/>\n\u2013 S\u00e9rigraphie\u23aaExposition <em>La pelle et le foret<\/em> , Galerie de l\u2019Illet, la Confluence, Betton \u2013 Novembre 2019<br \/>\n\u2013 <a href=\"https:\/\/atelierdubourg.fr\/adb\/portfolio\/edition-speciale\/\">Cr\u00e9ation \u00e9ditoriale et impression<\/a>\u23aaR\u00e9sidence Territoire,<br \/>\navec le Th\u00e9\u00e2tre national de Bretagne, le Cadran et la Maison de quartier Villejean, de mai \u00e0 juin 2019<br \/>\n\u2013 S\u00e9rigraphie\u23aaDans le cadre d&rsquo;accompagnement \u00e0 la scolarit\u00e9 du cercle Paul Bert, Rennes, 2019<br \/>\n\u2013 S\u00e9rigraphie\u23aaAu Studio \/ Cin\u00e9ma Le Club, Foug\u00e8res, Mars 2019<br \/>\n\u2013 S\u00e9rigraphie\u23aaBrasserie Skumenn, Acign\u00e9, 2019<br \/>\n\u2013 S\u00e9rigraphie\u23aaMaison Louis Guilloux, Dinan, 2019<br \/>\n\u2013 S\u00e9rigraphie\u23aaM\u00e9diath\u00e8que de Saint-Malo, 2019<br \/>\n\u2013 S\u00e9rigraphie\u23aa\u00c9cole Maternelle Jean Moulin, Rennes, 2019<br \/>\n\u2013 Cr\u00e9ation et impression en s\u00e9rigraphie\u23aaMaison d&rsquo;arr\u00eat de Saint-Malo, 2018[\/vc_column_text][vc_separator color=\u00a0\u00bbblack\u00a0\u00bb align=\u00a0\u00bbalign_left\u00a0\u00bb el_width=\u00a0\u00bb30&Prime;][vc_column_text]<strong>Cours, interventions et workshop<br \/>\n\u2022<br \/>\n<\/strong>\u2013 Workshop, <em>Typographie modulaire<\/em>, DN MADE Lyc\u00e9e Br\u00e9quigny<br \/>\n\u2013 Workshop, <em>Trame<\/em>, DN MADE Lyc\u00e9e Br\u00e9quigny<br \/>\n\u2013 Cours publics, <em>Design graphique<\/em>, \u00c9cole europ\u00e9enne sup\u00e9rieure de Bretagne<br \/>\n\u2013 Workshop, <em>\u00c9dition<\/em>, \u00c9cole europ\u00e9enne sup\u00e9rieure de Bretagne<br \/>\n<em>\u2013 Ateliers d&rsquo;\u00e9criture<\/em>, Maison de la Po\u00e9sie et \u00c9cole europ\u00e9enne sup\u00e9rieure de Bretagne<br \/>\n\u2013 Interventions, <em>Gravure<\/em>, Licence Arts Plastiques, Universit\u00e9 Rennes 2<br \/>\n\u2013 Interventions, <em>Design graphique<\/em>, Master \u00c9dition, Universit\u00e9 Rennes 2<br \/>\n\u2013 Interventions, <em>Cr\u00e9ation graphique<\/em>, Licence Arts Plastiques, Universit\u00e9 Rennes 2<em><br \/>\n<\/em>\u2013 Interventions, <em>Initiation \u00e0 la typographie<\/em>, Licence Arts Plastiques, Universit\u00e9 Rennes 2<em><br \/>\n<\/em>\u2013 Interventions<em>, Initiation \u00e0 la conception \u00e9ditoriale<\/em>, Licence Arts Plastiques, Universit\u00e9 Rennes 2<br \/>\n\u2013 Workshop, <em>Identit\u00e9 graphique<\/em>, Licence Pro. M\u00e9tiers de l&rsquo;\u00e9dition, Universit\u00e9 de Rennes 2[\/vc_column_text][vc_separator color=\u00a0\u00bbblack\u00a0\u00bb align=\u00a0\u00bbalign_left\u00a0\u00bb el_width=\u00a0\u00bb30&Prime;][vc_column_text]<strong>Expositions \/ r\u00e9sidences<br \/>\n<\/strong><strong>\u2022<br \/>\n<\/strong><em>\u2013 Dans les toilettes au fond du bar<\/em>, L&rsquo;Echonova, 2019<br \/>\n<em>\u2013 La pelle et le foret<\/em>, Galerie de l\u2019Illet, la Confluence, Betton, novembre 2019<br \/>\n\u2013 <a href=\"https:\/\/www.phakt.fr\/exposition\/marche-noir-enversetcontrefacon\"><em>La Taupe et L&rsquo;autruche<\/em><\/a>, Phakt, Rennes, f\u00e9vrier 2018<br \/>\n\u2013 Sanctuarie Dundee<br \/>\n\u2013 Inventaire Lacunaire<br \/>\n\u2013 Carte blanche \u00e0 l&rsquo;atelier du bourg, Au Studio \/ Cin\u00e9ma Le Club, Foug\u00e8res, Mars 2019<\/p>\n<p>\u2013 Exposition <a href=\"https:\/\/atelierdubourg.fr\/adb\/portfolio\/les-400-coups-6\/\"><em>Les 400 coups<\/em><\/a>, 2014 \u2192 2020<br \/>\nLe Point \u00c9ph\u00e9m\u00e8re, La Maison de la Po\u00e9sie, L&rsquo;universit\u00e9 UMPC, Librairie Le Divan, Librairie MK2, Paris<br \/>\nLibrairie Myriagone, Angers<br \/>\nLe Jardin Moderne, Rennes, dans le cadre du festival Le March\u00e9 Noir 2019<br \/>\nLibrairie &amp; curiosit\u00e9, Quimper<br \/>\nLibrairie L\u2019Archa des Carmes, Arles<br \/>\nFruit Exhibition, Independent Art Book Fair, Troyes<br \/>\nBologne, Amiens, Morlaix, Gahard[\/vc_column_text][vc_separator color=\u00a0\u00bbblack\u00a0\u00bb align=\u00a0\u00bbalign_left\u00a0\u00bb el_width=\u00a0\u00bb30&Prime;][vc_column_text]<strong>Festival<br \/>\n\u2022<br \/>\n<\/strong>\u2013 Co-organisation, <a href=\"http:\/\/www.lemarchenoir.org\/new\/\">Festival du March\u00e9 Noir<\/a><\/p>\n<p>\u2013 Substrate 2020, Lanester<br \/>\n\u2013 Panama Papier 2020, Rennes<br \/>\n\u2013 Grave 2020, Le Havre<br \/>\n\u2013 March\u00e9 de No\u00ebl 2019, le Jardin Moderne, Rennes<br \/>\n\u2013 March\u00e9 de No\u00ebl 2019, les Ateliers du vents, Rennes<br \/>\n<a href=\"https:\/\/www.papiercarbone.be\/\">\u2013 Papier Carbone<\/a> 2019, Charleroi<br \/>\n<span class=\"st\">\u2013 Zone <em>Zine <\/em>2019, Chalon-sur-Sa\u00f4ne<\/span><br \/>\n\u2013 Substrate 2018, Lanester<br \/>\n\u2013 Boutique Modique 2018, Saint-Brieuc<br \/>\n\u2013 Mise en pli 2018, Marseille<br \/>\n\u2013 72h de s\u00e9rigraphie, Kraft Festival 2018, Nantes<br \/>\n\u2013 Salon de la Petite \u00c9dition, Fruct\u00f4se, 2015, Dunkerque[\/vc_column_text][vc_separator color=\u00a0\u00bbblack\u00a0\u00bb align=\u00a0\u00bbalign_left\u00a0\u00bb el_width=\u00a0\u00bb30&Prime;][vc_column_text]<strong>Projets collectifs<br \/>\n\u2022<br \/>\n<\/strong>\u2013 <a href=\"https:\/\/atelierdubourg.fr\/adb\/portfolio\/hors-doeuvre\/\">Hors-d&rsquo;\u0153uvre<\/a><br \/>\n\u2013 <a href=\"https:\/\/atelierdubourg.fr\/adb\/portfolio\/les-400-coups-6\/\">Les 400 Coups<\/a><br \/>\n\u2013 L&rsquo;Odyss\u00e9e<br \/>\n\u2013 Les Archives Locales d&rsquo;Impression Artisanales[\/vc_column_text][\/vc_column][\/vc_row][vc_row][vc_column][vc_separator][\/vc_column][\/vc_row]<\/p>\n","protected":false},"excerpt":{"rendered":"<p>[vc_row][vc_column width=\u00a0\u00bb2\/3&Prime;][vc_column_text css=\u00a0\u00bb.vc_custom_1621349907050{margin-top: 55px !important;margin-bottom: 50px !important;}\u00a0\u00bb] LABORATOIRE ARTISTIQUE [\/vc_column_text][vc_column_text] S\u00c9RIGRAPHIE \/ ATELIERS \/ EXPOSITIONS &nbsp; L\u2019Atelier du Bourg s\u2019est constitu\u00e9 en association d&rsquo;artistes en 2013 afin de soutenir la micro-\u00e9dition ind\u00e9pendante et de valoriser les techniques d&rsquo;impression artisanale. Porteur de\u00a0projets, nous\u00a0participons ainsi aux soutiens des artistes, \u00e0 la diffusion de\u00a0leurs cr\u00e9ations et \u00e0 la&hellip;<\/p>\n","protected":false},"author":1,"featured_media":0,"parent":0,"menu_order":0,"comment_status":"closed","ping_status":"closed","template":"","meta":{"jetpack_post_was_ever_published":false},"acf":[],"yoast_head":"<!-- This site is optimized with the Yoast SEO plugin v20.6 - https:\/\/yoast.com\/wordpress\/plugins\/seo\/ -->\n<title>Labo - L&#039;Atelier du Bourg<\/title>\n<meta name=\"robots\" content=\"index, follow, max-snippet:-1, max-image-preview:large, max-video-preview:-1\" \/>\n<link rel=\"canonical\" href=\"https:\/\/atelierdubourg.fr\/adb\/labo\/\" \/>\n<meta property=\"og:locale\" content=\"fr_FR\" \/>\n<meta property=\"og:type\" content=\"article\" \/>\n<meta property=\"og:title\" content=\"Labo - L&#039;Atelier du Bourg\" \/>\n<meta property=\"og:description\" content=\"[vc_row][vc_column width=\u00a0\u00bb2\/3&Prime;][vc_column_text css=\u00a0\u00bb.vc_custom_1621349907050{margin-top: 55px !important;margin-bottom: 50px !important;}\u00a0\u00bb] LABORATOIRE ARTISTIQUE [\/vc_column_text][vc_column_text] S\u00c9RIGRAPHIE \/ ATELIERS \/ EXPOSITIONS &nbsp; L\u2019Atelier du Bourg s\u2019est constitu\u00e9 en association d&rsquo;artistes en 2013 afin de soutenir la micro-\u00e9dition ind\u00e9pendante et de valoriser les techniques d&rsquo;impression artisanale. Porteur de\u00a0projets, nous\u00a0participons ainsi aux soutiens des artistes, \u00e0 la diffusion de\u00a0leurs cr\u00e9ations et \u00e0 la&hellip;\" \/>\n<meta property=\"og:url\" content=\"https:\/\/atelierdubourg.fr\/adb\/labo\/\" \/>\n<meta property=\"og:site_name\" content=\"L&#039;Atelier du Bourg\" \/>\n<meta property=\"article:modified_time\" content=\"2024-03-22T15:18:35+00:00\" \/>\n<meta name=\"twitter:card\" content=\"summary_large_image\" \/>\n<meta name=\"twitter:label1\" content=\"Dur\u00e9e de lecture estim\u00e9e\" \/>\n\t<meta name=\"twitter:data1\" content=\"5 minutes\" \/>\n<script type=\"application\/ld+json\" class=\"yoast-schema-graph\">{\"@context\":\"https:\/\/schema.org\",\"@graph\":[{\"@type\":\"WebPage\",\"@id\":\"https:\/\/atelierdubourg.fr\/adb\/labo\/\",\"url\":\"https:\/\/atelierdubourg.fr\/adb\/labo\/\",\"name\":\"Labo - L&#039;Atelier du Bourg\",\"isPartOf\":{\"@id\":\"https:\/\/atelierdubourg.fr\/adb\/#website\"},\"datePublished\":\"2017-11-09T10:11:58+00:00\",\"dateModified\":\"2024-03-22T15:18:35+00:00\",\"breadcrumb\":{\"@id\":\"https:\/\/atelierdubourg.fr\/adb\/labo\/#breadcrumb\"},\"inLanguage\":\"fr-FR\",\"potentialAction\":[{\"@type\":\"ReadAction\",\"target\":[\"https:\/\/atelierdubourg.fr\/adb\/labo\/\"]}]},{\"@type\":\"BreadcrumbList\",\"@id\":\"https:\/\/atelierdubourg.fr\/adb\/labo\/#breadcrumb\",\"itemListElement\":[{\"@type\":\"ListItem\",\"position\":1,\"name\":\"Accueil\",\"item\":\"https:\/\/atelierdubourg.fr\/adb\/\"},{\"@type\":\"ListItem\",\"position\":2,\"name\":\"Labo\"}]},{\"@type\":\"WebSite\",\"@id\":\"https:\/\/atelierdubourg.fr\/adb\/#website\",\"url\":\"https:\/\/atelierdubourg.fr\/adb\/\",\"name\":\"L&#039;Atelier du Bourg\",\"description\":\"l&#039;Atelier du Bourg\",\"potentialAction\":[{\"@type\":\"SearchAction\",\"target\":{\"@type\":\"EntryPoint\",\"urlTemplate\":\"https:\/\/atelierdubourg.fr\/adb\/?s={search_term_string}\"},\"query-input\":\"required name=search_term_string\"}],\"inLanguage\":\"fr-FR\"}]}<\/script>\n<!-- \/ Yoast SEO plugin. -->","yoast_head_json":{"title":"Labo - L&#039;Atelier du Bourg","robots":{"index":"index","follow":"follow","max-snippet":"max-snippet:-1","max-image-preview":"max-image-preview:large","max-video-preview":"max-video-preview:-1"},"canonical":"https:\/\/atelierdubourg.fr\/adb\/labo\/","og_locale":"fr_FR","og_type":"article","og_title":"Labo - L&#039;Atelier du Bourg","og_description":"[vc_row][vc_column width=\u00a0\u00bb2\/3&Prime;][vc_column_text css=\u00a0\u00bb.vc_custom_1621349907050{margin-top: 55px !important;margin-bottom: 50px !important;}\u00a0\u00bb] LABORATOIRE ARTISTIQUE [\/vc_column_text][vc_column_text] S\u00c9RIGRAPHIE \/ ATELIERS \/ EXPOSITIONS &nbsp; L\u2019Atelier du Bourg s\u2019est constitu\u00e9 en association d&rsquo;artistes en 2013 afin de soutenir la micro-\u00e9dition ind\u00e9pendante et de valoriser les techniques d&rsquo;impression artisanale. Porteur de\u00a0projets, nous\u00a0participons ainsi aux soutiens des artistes, \u00e0 la diffusion de\u00a0leurs cr\u00e9ations et \u00e0 la&hellip;","og_url":"https:\/\/atelierdubourg.fr\/adb\/labo\/","og_site_name":"L&#039;Atelier du Bourg","article_modified_time":"2024-03-22T15:18:35+00:00","twitter_card":"summary_large_image","twitter_misc":{"Dur\u00e9e de lecture estim\u00e9e":"5 minutes"},"schema":{"@context":"https:\/\/schema.org","@graph":[{"@type":"WebPage","@id":"https:\/\/atelierdubourg.fr\/adb\/labo\/","url":"https:\/\/atelierdubourg.fr\/adb\/labo\/","name":"Labo - L&#039;Atelier du Bourg","isPartOf":{"@id":"https:\/\/atelierdubourg.fr\/adb\/#website"},"datePublished":"2017-11-09T10:11:58+00:00","dateModified":"2024-03-22T15:18:35+00:00","breadcrumb":{"@id":"https:\/\/atelierdubourg.fr\/adb\/labo\/#breadcrumb"},"inLanguage":"fr-FR","potentialAction":[{"@type":"ReadAction","target":["https:\/\/atelierdubourg.fr\/adb\/labo\/"]}]},{"@type":"BreadcrumbList","@id":"https:\/\/atelierdubourg.fr\/adb\/labo\/#breadcrumb","itemListElement":[{"@type":"ListItem","position":1,"name":"Accueil","item":"https:\/\/atelierdubourg.fr\/adb\/"},{"@type":"ListItem","position":2,"name":"Labo"}]},{"@type":"WebSite","@id":"https:\/\/atelierdubourg.fr\/adb\/#website","url":"https:\/\/atelierdubourg.fr\/adb\/","name":"L&#039;Atelier du Bourg","description":"l&#039;Atelier du Bourg","potentialAction":[{"@type":"SearchAction","target":{"@type":"EntryPoint","urlTemplate":"https:\/\/atelierdubourg.fr\/adb\/?s={search_term_string}"},"query-input":"required name=search_term_string"}],"inLanguage":"fr-FR"}]}},"jetpack_shortlink":"https:\/\/wp.me\/P9mopZ-j","jetpack_sharing_enabled":true,"_links":{"self":[{"href":"https:\/\/atelierdubourg.fr\/adb\/wp-json\/wp\/v2\/pages\/19"}],"collection":[{"href":"https:\/\/atelierdubourg.fr\/adb\/wp-json\/wp\/v2\/pages"}],"about":[{"href":"https:\/\/atelierdubourg.fr\/adb\/wp-json\/wp\/v2\/types\/page"}],"author":[{"embeddable":true,"href":"https:\/\/atelierdubourg.fr\/adb\/wp-json\/wp\/v2\/users\/1"}],"replies":[{"embeddable":true,"href":"https:\/\/atelierdubourg.fr\/adb\/wp-json\/wp\/v2\/comments?post=19"}],"version-history":[{"count":0,"href":"https:\/\/atelierdubourg.fr\/adb\/wp-json\/wp\/v2\/pages\/19\/revisions"}],"wp:attachment":[{"href":"https:\/\/atelierdubourg.fr\/adb\/wp-json\/wp\/v2\/media?parent=19"}],"curies":[{"name":"wp","href":"https:\/\/api.w.org\/{rel}","templated":true}]}}