{"id":21,"date":"2017-11-09T11:14:22","date_gmt":"2017-11-09T10:14:22","guid":{"rendered":"http:\/\/atelierdubourg.fr\/adb\/?page_id=21"},"modified":"2023-11-22T16:28:01","modified_gmt":"2023-11-22T15:28:01","slug":"collectif","status":"publish","type":"page","link":"https:\/\/atelierdubourg.fr\/adb\/collectif\/","title":{"rendered":"Collectif"},"content":{"rendered":"<p>[vc_row][vc_column width=\u00a0\u00bb2\/3&Prime;][vc_column_text css=\u00a0\u00bb.vc_custom_1621347915787{margin-top: 55px !important;margin-bottom: 50px !important;}\u00a0\u00bb]<\/p>\n<h3><strong>L&rsquo;ATELIER DU BOURG<\/strong><\/h3>\n<p>[\/vc_column_text][vc_column_text]<\/p>\n<p class=\"p1\">UNE D\u00c9MARCHE COLLECTIVE ET EXP\u00c9RIMENTALE<\/p>\n<p>&nbsp;<\/p>\n<p class=\"p1\">Fond\u00e9 en 2008, l&rsquo;Atelier du Bourg est un collectif d&rsquo;artistes-graphistes-imprimeurs pilot\u00e9 par Julien Lemi\u00e8re, Anna Boulanger, Anthony Folliard, \u00c9ric Mah\u00e9 et Sixtine Gervais. Ensemble ils d\u00e9veloppent des projets de cr\u00e9ation visuelle dans laquelle l\u2019\u00e9change et l\u2019exp\u00e9rimentation sont au c\u0153ur de leur pratique. R\u00e9unis au sein de l&rsquo;atelier-laboratoire du\u00a0March\u00e9\u00a0Noir, les cinq artistes explorent leur amour commun pour l&rsquo;imagerie populaire, l&rsquo;impression artisanale et la\u00a0superposition de couleurs. Ils d\u00e9cortiquent de\u00a0vieux magazines, gribouillent des esp\u00e8ces en tout genre et assemblent des bouts de lettre pour donner jour \u00e0 des formes singuli\u00e8res de publication.<\/p>\n<p>&nbsp;<\/p>\n<p class=\"p1\">L&rsquo;Atelier du Bourg r\u00e9alise des affiches, des disques et des livres, imprime des images en s\u00e9rigraphie et en gravure, propose des ateliers participatifs, porte des projets collaboratifs, s&rsquo;engage sur des r\u00e9sidences de cr\u00e9ation et imaginent des dispositifs int\u00e9ractifs de monstration. Dans cette d\u00e9marche, le collectif travaille au\u00a0quotidien en\u00a0\u00e9troite collaboration avec\u00a0les\u00a0structures \u00e0 vocation culturelle, artistique, coop\u00e9rative et\u00a0solidaire. Il porte en outre une\u00a0attention particuli\u00e8re \u00e0\u00a0la\u00a0qualit\u00e9 des\u00a0objets graphiques qu&rsquo;il con\u00e7oit, ainsi qu&rsquo;aux co\u00fbts et\u00a0\u00e0\u00a0l\u2019impact environnemental de\u00a0leur fabrication et\u00a0de\u00a0leur diffusion.<\/p>\n<p>[\/vc_column_text][vc_single_image image=\u00a0\u00bb1063&Prime; img_size=\u00a0\u00bbfull\u00a0\u00bb][\/vc_column][vc_column width=\u00a0\u00bb1\/3&Prime;][vc_column_text css=\u00a0\u00bb.vc_custom_1621351111121{margin-top: 55px !important;margin-bottom: 50px !important;}\u00a0\u00bb]<\/p>\n<h3><strong>\u00c9QUIPE<\/strong> \/ <strong>CONTACT<\/strong><\/h3>\n<p>[\/vc_column_text][vc_column_text]<em>\u2192 Julien Lemi\u00e8re<\/em><u><br \/>\njulien@atelierdubourg.fr<\/u><br \/>\n06 81 21 59 87<br \/>\ngraphiste, artiste et s\u00e9rigraphe<\/p>\n<hr \/>\n<p>\u2192 <em>Sixtine Gervais<\/em><u><br \/>\nsixtine@atelierdubourg.fr<\/u><br \/>\n06 99 20 26 24<br \/>\ngraphiste, artiste et s\u00e9rigraphe<\/p>\n<hr \/>\n<p><em>\u2192 Anthony Folliard<\/em><u><br \/>\nanthony@atelierdubourg.fr<\/u><br \/>\n06 38 72 87 19<br \/>\ngraphiste, artiste et s\u00e9rigraphe<\/p>\n<hr \/>\n<p><em>\u2192 \u00c9ric Mah\u00e9<\/em><u><br \/>\neric@atelierdubourg.fr<\/u><br \/>\n06 44 77 11 09<br \/>\ngraphiste, artiste, graveur et s\u00e9rigraphe<\/p>\n<hr \/>\n<p>\u2192 <em>Anna Boulanger<\/em><br \/>\n<u>anna@atelierdubourg.fr<\/u><br \/>\n06 86 84 42 41<br \/>\nauteure, illustratrice, artiste et s\u00e9rigraphe<\/p>\n<hr \/>\n<p>STAGE<\/p>\n<p>Nous n&rsquo;accueillons pas de stagiaire actuellement.[\/vc_column_text][\/vc_column][\/vc_row][vc_row][vc_column width=\u00a0\u00bb2\/3&Prime;][vc_column_text css=\u00a0\u00bb.vc_custom_1621352103259{margin-top: 55px !important;margin-bottom: 50px !important;}\u00a0\u00bb]<\/p>\n<h3><strong>R\u00c9F\u00c9RENCES<\/strong><\/h3>\n<p>[\/vc_column_text][vc_column_text]<strong>Structures de diffusion artistiques et culturelles <\/strong><\/p>\n<p>\u2022 Le Kiosque, Mayenne<br \/>\n\u2022 Les Productions Libres, St-Brieuc<br \/>\n\u2022 La Passerelle, sc\u00e8ne nationale, St-Brieuc<br \/>\n\u2022 Th\u00e9\u00e2tre national de Bretagne, Rennes<br \/>\n\u2022 Au bout du Plongeoir, Thorign\u00e9-Fouillard<br \/>\n\u2022 L&rsquo;ADEC, th\u00eaatre amateur, Rennes<br \/>\n\u2022 Ay-Roop, arts du cirque, Rennes<br \/>\n\u2022 Bureau Hectores, Rennes<br \/>\n\u2022 Th\u00e9\u00e2tre des 3 Ch\u00eanes, Loiron<br \/>\n\u2022 L&rsquo;ASCA, Beauvais Capellia, La Chapelle-sur-Erdre<br \/>\n\u2022 Village en Sc\u00e8ne, Layon\u2009\/\u2009Aubance<br \/>\n\u2022 L\u2019Hermine, Vannes Arts Vivants en Ille-et-Vilaine, Rennes<\/p>\n<p>\u2022 Clair Obscur, Rennes Vivement Lundi, Rennes<br \/>\n\u2022 Les Films d&rsquo;ici, Paris<br \/>\n\u2022 Comptoir du Doc, Rennes<br \/>\n\u2022 Les Films de l\u2019autre c\u00f4t\u00e9, Rennes<\/p>\n<p>\u2022 Le Village, Bazouges-la-P\u00e9rouse<br \/>\n\u2022 Au Bout du Plongeoir, Tiz\u00e9<br \/>\n\u2022 L\u2019\u00c2ge de la Tortue, Rennes<br \/>\n\u2022 L\u2019\u0152il d\u2019Oodaaq, Rennes<br \/>\n\u2022 La Villa Rohannec\u2019h, St-Brieuc<br \/>\n\u2022 DMA galerie, Rennes L&rsquo;Universit\u00e9 Foraine, Rennes<\/p>\n<p>\u2022 Le Jardin Moderne, Rennes<br \/>\n\u2022 L&rsquo;Antipode, Rennes<br \/>\n\u2022 L&rsquo;Alambik, Rennes<br \/>\n\u2022 Kfuel, Rennes<br \/>\n\u2022 L&rsquo;\u00c9chonova, Saint-Av\u00e9<\/p>\n<p>&nbsp;<\/p>\n<p><strong>Structures socio-\u00e9ducatives<\/strong><\/p>\n<p>\u2022 Jeunes \u00e0 Travers le Monde, Rennes<br \/>\n\u2022 Prisme, Rennes<br \/>\n\u2022 Maison de quartier de Villejean, Rennes<br \/>\n\u2022 Le Cadran, Rennes<br \/>\n\u2022 Maison d\u2019arr\u00eat de Saint-Malo<br \/>\n\u2022 \u00c9cole Jean Moulin, Rennes<br \/>\n\u2022 \u00c9cole Saint Jean de Bosco, Rennes<br \/>\n\u2022 Universit\u00e9 Rennes 2<br \/>\n\u2022 Lyc\u00e9e Br\u00e9quigny, Rennes ESAB, Rennes<\/p>\n<p>&nbsp;<\/p>\n<p><strong>Artistes \/ auteur.e.s<\/strong><\/p>\n<p>\u2022 Claire ingrid Cottanceau &amp; Olivier Mellano, Rennes.<br \/>\n\u2022 Mohamed El Khatib, Paris<br \/>\n\u2022 Caroline Guiela Nguyen, Paris<br \/>\n\u2022 Yohanne Lamoul\u00e8re, Marseille<br \/>\n\u2022 Simon Gauchet, Rennes<br \/>\n\u2022 Laetitia sheriff, Rennes<br \/>\n\u2022 Daniel Pab\u0153uf, Rennes<br \/>\n\u2022 Erwan Salmon, Rennes<br \/>\n\u2022 Guillaume Ayer, Rennes<br \/>\n\u2022 Vincent Malassis, Rennes<br \/>\n\u2022 Mein Sohn William, Rennes<br \/>\n\u2022 Jean Philippe Debroize, Rennes<br \/>\n\u2022 Fat Supper, Betton<br \/>\n\u2022 We Only said, Rennes<br \/>\n\u2022 Kowalsky, Rennes<br \/>\n\u2022 Doist, Rennes<br \/>\n\u2022 Les Zoizelles, Nantes<br \/>\n\u2022 Santa Cruz, Rennes<br \/>\n\u2022 Del cielo, Rennes<br \/>\n\u2022 Moller Plesset, Rennes<\/p>\n<p>&nbsp;<\/p>\n<p><strong>Compagnies<\/strong><\/p>\n<p>\u2022 Zirlib, Orl\u00e9ans<br \/>\n\u2022 Les Hommes Approximatif, Valence<br \/>\n\u2022 L&rsquo;\u00c9cole Parall\u00e8le Imaginaire, Rennes<br \/>\n\u2022 Cie NXL, Paris<br \/>\n\u2022 Cie Itra, Caen<\/p>\n<p>&nbsp;<\/p>\n<p><strong>\u00c9diteur.rice.s<\/strong><\/p>\n<p>\u2022 \u00c9ditions Le Tripode, Paris<br \/>\n\u2022 Les Solitaires Intempestifs, Besan\u00e7on<br \/>\n\u2022 Animal Debout, Rennes<br \/>\n\u2022 \u00c9ditions Fragmentaires, Plo\u00ebrmel<\/p>\n<p>&nbsp;<\/p>\n<p><strong>Festivals<\/strong><\/p>\n<p>\u2022 Jazz sous les pommiers, Coutances<br \/>\n\u2022 Festival Travelling, Rennes<br \/>\n\u2022 Festival Ay-Roop, Rennes<br \/>\n\u2022 Festival des lumi\u00e8res, Montmorillon<br \/>\n\u2022 Brass Festival, Surg\u00e8res Saveurs<br \/>\n\u2022 Jazz Festival, S\u00e9gr\u00e9<br \/>\n\u2022 Festival Oodaaq, Rennes<br \/>\n\u2022 Festival Alambik, Rennes<br \/>\n\u2022 Le Jardin Num\u00e9rique, Rennes<br \/>\n\u2022 Festival en R\u00e9sonance, St-Brice<br \/>\n\u2022 Festival des Arts \u00e0 Gahard, Gahard<br \/>\n\u2022 The Rumble Theory, Rennes<\/p>\n<p>&nbsp;<\/p>\n<p><strong>Institutions<\/strong><\/p>\n<p>\u2022 Pr\u00e9fecture de Bretagne<br \/>\n\u2022 Les Champs Libres, Rennes<br \/>\n\u2022 Mus\u00e9e de Bretagne, Rennes<br \/>\n\u2022 Ville d&rsquo;Indre Ville de Rennes<br \/>\n\u2022 Rennes M\u00e9tropole Vannes Agglom\u00e9ration<br \/>\n\u2022 Le pays de Foug\u00e8res<br \/>\n\u2022 Archives d\u00e9partementale, Nantes<br \/>\n\u2022 \u00c9cop\u00f4le, CPIE Pays de Nantes<br \/>\n\u2022 Union nationale des apiculteurs, Nantes<\/p>\n<p>&nbsp;<\/p>\n<p><strong>Commerces de proximit\u00e9<\/strong><\/p>\n<p>\u2022 Com\u00e8te, St-Lunaire<br \/>\n\u2022 Le Chant du Canon, Rennes<br \/>\n\u2022 Ferme La Pachamama, St-Brice<br \/>\n\u2022 Anne Gr\u00e9goire, Coutures<br \/>\n\u2022 Jungle by Jungle, Rennes<br \/>\n\u2022 Art H Pied, Nantes<br \/>\n\u2022 Le Contre Temps, Moncontour[\/vc_column_text][\/vc_column][vc_column width=\u00a0\u00bb1\/3&Prime;][\/vc_column][\/vc_row]<\/p>\n","protected":false},"excerpt":{"rendered":"<p>[vc_row][vc_column width=\u00a0\u00bb2\/3&Prime;][vc_column_text css=\u00a0\u00bb.vc_custom_1621347915787{margin-top: 55px !important;margin-bottom: 50px !important;}\u00a0\u00bb] L&rsquo;ATELIER DU BOURG [\/vc_column_text][vc_column_text] UNE D\u00c9MARCHE COLLECTIVE ET EXP\u00c9RIMENTALE &nbsp; Fond\u00e9 en 2008, l&rsquo;Atelier du Bourg est un collectif d&rsquo;artistes-graphistes-imprimeurs pilot\u00e9 par Julien Lemi\u00e8re, Anna Boulanger, Anthony Folliard, \u00c9ric Mah\u00e9 et Sixtine Gervais. Ensemble ils d\u00e9veloppent des projets de cr\u00e9ation visuelle dans laquelle l\u2019\u00e9change et l\u2019exp\u00e9rimentation sont au&hellip;<\/p>\n","protected":false},"author":1,"featured_media":0,"parent":0,"menu_order":0,"comment_status":"closed","ping_status":"closed","template":"","meta":{"jetpack_post_was_ever_published":false},"acf":[],"yoast_head":"<!-- This site is optimized with the Yoast SEO plugin v20.6 - https:\/\/yoast.com\/wordpress\/plugins\/seo\/ -->\n<title>Collectif - L&#039;Atelier du Bourg<\/title>\n<meta name=\"robots\" content=\"index, follow, max-snippet:-1, max-image-preview:large, max-video-preview:-1\" \/>\n<link rel=\"canonical\" href=\"https:\/\/atelierdubourg.fr\/adb\/collectif\/\" \/>\n<meta property=\"og:locale\" content=\"fr_FR\" \/>\n<meta property=\"og:type\" content=\"article\" \/>\n<meta property=\"og:title\" content=\"Collectif - L&#039;Atelier du Bourg\" \/>\n<meta property=\"og:description\" content=\"[vc_row][vc_column width=\u00a0\u00bb2\/3&Prime;][vc_column_text css=\u00a0\u00bb.vc_custom_1621347915787{margin-top: 55px !important;margin-bottom: 50px !important;}\u00a0\u00bb] L&rsquo;ATELIER DU BOURG [\/vc_column_text][vc_column_text] UNE D\u00c9MARCHE COLLECTIVE ET EXP\u00c9RIMENTALE &nbsp; Fond\u00e9 en 2008, l&rsquo;Atelier du Bourg est un collectif d&rsquo;artistes-graphistes-imprimeurs pilot\u00e9 par Julien Lemi\u00e8re, Anna Boulanger, Anthony Folliard, \u00c9ric Mah\u00e9 et Sixtine Gervais. Ensemble ils d\u00e9veloppent des projets de cr\u00e9ation visuelle dans laquelle l\u2019\u00e9change et l\u2019exp\u00e9rimentation sont au&hellip;\" \/>\n<meta property=\"og:url\" content=\"https:\/\/atelierdubourg.fr\/adb\/collectif\/\" \/>\n<meta property=\"og:site_name\" content=\"L&#039;Atelier du Bourg\" \/>\n<meta property=\"article:modified_time\" content=\"2023-11-22T15:28:01+00:00\" \/>\n<meta name=\"twitter:card\" content=\"summary_large_image\" \/>\n<meta name=\"twitter:label1\" content=\"Dur\u00e9e de lecture estim\u00e9e\" \/>\n\t<meta name=\"twitter:data1\" content=\"4 minutes\" \/>\n<script type=\"application\/ld+json\" class=\"yoast-schema-graph\">{\"@context\":\"https:\/\/schema.org\",\"@graph\":[{\"@type\":\"WebPage\",\"@id\":\"https:\/\/atelierdubourg.fr\/adb\/collectif\/\",\"url\":\"https:\/\/atelierdubourg.fr\/adb\/collectif\/\",\"name\":\"Collectif - L&#039;Atelier du Bourg\",\"isPartOf\":{\"@id\":\"https:\/\/atelierdubourg.fr\/adb\/#website\"},\"datePublished\":\"2017-11-09T10:14:22+00:00\",\"dateModified\":\"2023-11-22T15:28:01+00:00\",\"breadcrumb\":{\"@id\":\"https:\/\/atelierdubourg.fr\/adb\/collectif\/#breadcrumb\"},\"inLanguage\":\"fr-FR\",\"potentialAction\":[{\"@type\":\"ReadAction\",\"target\":[\"https:\/\/atelierdubourg.fr\/adb\/collectif\/\"]}]},{\"@type\":\"BreadcrumbList\",\"@id\":\"https:\/\/atelierdubourg.fr\/adb\/collectif\/#breadcrumb\",\"itemListElement\":[{\"@type\":\"ListItem\",\"position\":1,\"name\":\"Accueil\",\"item\":\"https:\/\/atelierdubourg.fr\/adb\/\"},{\"@type\":\"ListItem\",\"position\":2,\"name\":\"Collectif\"}]},{\"@type\":\"WebSite\",\"@id\":\"https:\/\/atelierdubourg.fr\/adb\/#website\",\"url\":\"https:\/\/atelierdubourg.fr\/adb\/\",\"name\":\"L&#039;Atelier du Bourg\",\"description\":\"l&#039;Atelier du Bourg\",\"potentialAction\":[{\"@type\":\"SearchAction\",\"target\":{\"@type\":\"EntryPoint\",\"urlTemplate\":\"https:\/\/atelierdubourg.fr\/adb\/?s={search_term_string}\"},\"query-input\":\"required name=search_term_string\"}],\"inLanguage\":\"fr-FR\"}]}<\/script>\n<!-- \/ Yoast SEO plugin. -->","yoast_head_json":{"title":"Collectif - L&#039;Atelier du Bourg","robots":{"index":"index","follow":"follow","max-snippet":"max-snippet:-1","max-image-preview":"max-image-preview:large","max-video-preview":"max-video-preview:-1"},"canonical":"https:\/\/atelierdubourg.fr\/adb\/collectif\/","og_locale":"fr_FR","og_type":"article","og_title":"Collectif - L&#039;Atelier du Bourg","og_description":"[vc_row][vc_column width=\u00a0\u00bb2\/3&Prime;][vc_column_text css=\u00a0\u00bb.vc_custom_1621347915787{margin-top: 55px !important;margin-bottom: 50px !important;}\u00a0\u00bb] L&rsquo;ATELIER DU BOURG [\/vc_column_text][vc_column_text] UNE D\u00c9MARCHE COLLECTIVE ET EXP\u00c9RIMENTALE &nbsp; Fond\u00e9 en 2008, l&rsquo;Atelier du Bourg est un collectif d&rsquo;artistes-graphistes-imprimeurs pilot\u00e9 par Julien Lemi\u00e8re, Anna Boulanger, Anthony Folliard, \u00c9ric Mah\u00e9 et Sixtine Gervais. Ensemble ils d\u00e9veloppent des projets de cr\u00e9ation visuelle dans laquelle l\u2019\u00e9change et l\u2019exp\u00e9rimentation sont au&hellip;","og_url":"https:\/\/atelierdubourg.fr\/adb\/collectif\/","og_site_name":"L&#039;Atelier du Bourg","article_modified_time":"2023-11-22T15:28:01+00:00","twitter_card":"summary_large_image","twitter_misc":{"Dur\u00e9e de lecture estim\u00e9e":"4 minutes"},"schema":{"@context":"https:\/\/schema.org","@graph":[{"@type":"WebPage","@id":"https:\/\/atelierdubourg.fr\/adb\/collectif\/","url":"https:\/\/atelierdubourg.fr\/adb\/collectif\/","name":"Collectif - L&#039;Atelier du Bourg","isPartOf":{"@id":"https:\/\/atelierdubourg.fr\/adb\/#website"},"datePublished":"2017-11-09T10:14:22+00:00","dateModified":"2023-11-22T15:28:01+00:00","breadcrumb":{"@id":"https:\/\/atelierdubourg.fr\/adb\/collectif\/#breadcrumb"},"inLanguage":"fr-FR","potentialAction":[{"@type":"ReadAction","target":["https:\/\/atelierdubourg.fr\/adb\/collectif\/"]}]},{"@type":"BreadcrumbList","@id":"https:\/\/atelierdubourg.fr\/adb\/collectif\/#breadcrumb","itemListElement":[{"@type":"ListItem","position":1,"name":"Accueil","item":"https:\/\/atelierdubourg.fr\/adb\/"},{"@type":"ListItem","position":2,"name":"Collectif"}]},{"@type":"WebSite","@id":"https:\/\/atelierdubourg.fr\/adb\/#website","url":"https:\/\/atelierdubourg.fr\/adb\/","name":"L&#039;Atelier du Bourg","description":"l&#039;Atelier du Bourg","potentialAction":[{"@type":"SearchAction","target":{"@type":"EntryPoint","urlTemplate":"https:\/\/atelierdubourg.fr\/adb\/?s={search_term_string}"},"query-input":"required name=search_term_string"}],"inLanguage":"fr-FR"}]}},"jetpack_shortlink":"https:\/\/wp.me\/P9mopZ-l","jetpack_sharing_enabled":true,"_links":{"self":[{"href":"https:\/\/atelierdubourg.fr\/adb\/wp-json\/wp\/v2\/pages\/21"}],"collection":[{"href":"https:\/\/atelierdubourg.fr\/adb\/wp-json\/wp\/v2\/pages"}],"about":[{"href":"https:\/\/atelierdubourg.fr\/adb\/wp-json\/wp\/v2\/types\/page"}],"author":[{"embeddable":true,"href":"https:\/\/atelierdubourg.fr\/adb\/wp-json\/wp\/v2\/users\/1"}],"replies":[{"embeddable":true,"href":"https:\/\/atelierdubourg.fr\/adb\/wp-json\/wp\/v2\/comments?post=21"}],"version-history":[{"count":0,"href":"https:\/\/atelierdubourg.fr\/adb\/wp-json\/wp\/v2\/pages\/21\/revisions"}],"wp:attachment":[{"href":"https:\/\/atelierdubourg.fr\/adb\/wp-json\/wp\/v2\/media?parent=21"}],"curies":[{"name":"wp","href":"https:\/\/api.w.org\/{rel}","templated":true}]}}