{"id":1639,"date":"2019-12-10T16:51:11","date_gmt":"2019-12-10T15:51:11","guid":{"rendered":"https:\/\/atelierdubourg.fr\/adb\/?post_type=portfolio&#038;p=1639"},"modified":"2021-04-08T13:28:19","modified_gmt":"2021-04-08T11:28:19","slug":"ici-ou-la-saison-19-20","status":"publish","type":"portfolio","link":"https:\/\/atelierdubourg.fr\/adb\/portfolio\/ici-ou-la-saison-19-20\/","title":{"rendered":"Ici ou L\u00e0 \u2013 Saison 19\/20"},"content":{"rendered":"\n<p><strong>Identit\u00e9 \u2013 d\u00e9pliants et flyers de la saison culturelle 2019-20 de la ville d&rsquo;Indre<em>.<\/em><\/strong><\/p>\n<p>Les formes associ\u00e9es, tout au long des d\u00e9pliants et flyers, \u00e0 la mani\u00e8re du cadavre exquis de la saison 18-19*, cr\u00e9ent, pour d\u00e9chiffrer les messages de cette nouvelle ann\u00e9e, un syst\u00e8me de signes, un alphabet graphique, un langage cod\u00e9.<\/p>\n<p><em>*Saison 18-19 : \u00c0 la mani\u00e8re d\u2019un cadavre exquis graphique, des formes sont associ\u00e9es tout au long du d\u00e9pliant, entrecoup\u00e9es par les diff\u00e9rents plis. Pliez, d\u00e9pliez, associez\u2009! Les pages peuvent \u00eatre combin\u00e9es \u00e0 l\u2019infini permettant ainsi de cr\u00e9er de nouvelles associations de formes.<\/em><\/p>\n<p>\u2013<br>Impression offset \u2013 Encre Argent 877 U + Blue 0821 U + Noir<br>Papier Munken Lynx 90 gr.<br>Imprim\u00e9 par M\u00e9dia Graphic, Rennes<br>\u2013<br>Par Sixtine Gervais<\/p>\n","protected":false},"excerpt":{"rendered":"<p>Identit\u00e9 \u2013 d\u00e9pliants et flyers de la saison culturelle 2019-20 de la ville d&rsquo;Indre. Les formes associ\u00e9es, tout au long des d\u00e9pliants et flyers, \u00e0 la mani\u00e8re du cadavre exquis de la saison 18-19*, cr\u00e9ent, pour d\u00e9chiffrer les messages de cette nouvelle ann\u00e9e, un syst\u00e8me de signes, un alphabet graphique, un langage cod\u00e9. *Saison 18-19&hellip;<\/p>\n","protected":false},"author":2,"featured_media":1663,"comment_status":"open","ping_status":"closed","template":"","meta":{"jetpack_post_was_ever_published":false},"portfolio_category":[16,90,66],"portfolio_tag":[],"acf":[],"yoast_head":"<!-- This site is optimized with the Yoast SEO plugin v20.6 - https:\/\/yoast.com\/wordpress\/plugins\/seo\/ -->\n<title>Ici ou L\u00e0 \u2013 Saison 19\/20 - L&#039;Atelier du Bourg<\/title>\n<meta name=\"robots\" content=\"index, follow, max-snippet:-1, max-image-preview:large, max-video-preview:-1\" \/>\n<link rel=\"canonical\" href=\"https:\/\/atelierdubourg.fr\/adb\/portfolio\/ici-ou-la-saison-19-20\/\" \/>\n<meta property=\"og:locale\" content=\"fr_FR\" \/>\n<meta property=\"og:type\" content=\"article\" \/>\n<meta property=\"og:title\" content=\"Ici ou L\u00e0 \u2013 Saison 19\/20 - L&#039;Atelier du Bourg\" \/>\n<meta property=\"og:description\" content=\"Identit\u00e9 \u2013 d\u00e9pliants et flyers de la saison culturelle 2019-20 de la ville d&rsquo;Indre. Les formes associ\u00e9es, tout au long des d\u00e9pliants et flyers, \u00e0 la mani\u00e8re du cadavre exquis de la saison 18-19*, cr\u00e9ent, pour d\u00e9chiffrer les messages de cette nouvelle ann\u00e9e, un syst\u00e8me de signes, un alphabet graphique, un langage cod\u00e9. *Saison 18-19&hellip;\" \/>\n<meta property=\"og:url\" content=\"https:\/\/atelierdubourg.fr\/adb\/portfolio\/ici-ou-la-saison-19-20\/\" \/>\n<meta property=\"og:site_name\" content=\"L&#039;Atelier du Bourg\" \/>\n<meta property=\"article:modified_time\" content=\"2021-04-08T11:28:19+00:00\" \/>\n<meta property=\"og:image\" content=\"https:\/\/atelierdubourg.fr\/adb\/wp-content\/uploads\/2019\/12\/INDRE1920\u00a9ATELIERDUBOURG_MINI.jpg\" \/>\n\t<meta property=\"og:image:width\" content=\"1535\" \/>\n\t<meta property=\"og:image:height\" content=\"1535\" \/>\n\t<meta property=\"og:image:type\" content=\"image\/jpeg\" \/>\n<meta name=\"twitter:card\" content=\"summary_large_image\" \/>\n<meta name=\"twitter:label1\" content=\"Dur\u00e9e de lecture estim\u00e9e\" \/>\n\t<meta name=\"twitter:data1\" content=\"1 minute\" \/>\n<script type=\"application\/ld+json\" class=\"yoast-schema-graph\">{\"@context\":\"https:\/\/schema.org\",\"@graph\":[{\"@type\":\"WebPage\",\"@id\":\"https:\/\/atelierdubourg.fr\/adb\/portfolio\/ici-ou-la-saison-19-20\/\",\"url\":\"https:\/\/atelierdubourg.fr\/adb\/portfolio\/ici-ou-la-saison-19-20\/\",\"name\":\"Ici ou L\u00e0 \u2013 Saison 19\/20 - L&#039;Atelier du Bourg\",\"isPartOf\":{\"@id\":\"https:\/\/atelierdubourg.fr\/adb\/#website\"},\"datePublished\":\"2019-12-10T15:51:11+00:00\",\"dateModified\":\"2021-04-08T11:28:19+00:00\",\"breadcrumb\":{\"@id\":\"https:\/\/atelierdubourg.fr\/adb\/portfolio\/ici-ou-la-saison-19-20\/#breadcrumb\"},\"inLanguage\":\"fr-FR\",\"potentialAction\":[{\"@type\":\"ReadAction\",\"target\":[\"https:\/\/atelierdubourg.fr\/adb\/portfolio\/ici-ou-la-saison-19-20\/\"]}]},{\"@type\":\"BreadcrumbList\",\"@id\":\"https:\/\/atelierdubourg.fr\/adb\/portfolio\/ici-ou-la-saison-19-20\/#breadcrumb\",\"itemListElement\":[{\"@type\":\"ListItem\",\"position\":1,\"name\":\"Accueil\",\"item\":\"https:\/\/atelierdubourg.fr\/adb\/\"},{\"@type\":\"ListItem\",\"position\":2,\"name\":\"Portfolio\",\"item\":\"https:\/\/atelierdubourg.fr\/adb\/portfolio\/\"},{\"@type\":\"ListItem\",\"position\":3,\"name\":\"Ici ou L\u00e0 \u2013 Saison 19\/20\"}]},{\"@type\":\"WebSite\",\"@id\":\"https:\/\/atelierdubourg.fr\/adb\/#website\",\"url\":\"https:\/\/atelierdubourg.fr\/adb\/\",\"name\":\"L&#039;Atelier du Bourg\",\"description\":\"l&#039;Atelier du Bourg\",\"potentialAction\":[{\"@type\":\"SearchAction\",\"target\":{\"@type\":\"EntryPoint\",\"urlTemplate\":\"https:\/\/atelierdubourg.fr\/adb\/?s={search_term_string}\"},\"query-input\":\"required name=search_term_string\"}],\"inLanguage\":\"fr-FR\"}]}<\/script>\n<!-- \/ Yoast SEO plugin. -->","yoast_head_json":{"title":"Ici ou L\u00e0 \u2013 Saison 19\/20 - L&#039;Atelier du Bourg","robots":{"index":"index","follow":"follow","max-snippet":"max-snippet:-1","max-image-preview":"max-image-preview:large","max-video-preview":"max-video-preview:-1"},"canonical":"https:\/\/atelierdubourg.fr\/adb\/portfolio\/ici-ou-la-saison-19-20\/","og_locale":"fr_FR","og_type":"article","og_title":"Ici ou L\u00e0 \u2013 Saison 19\/20 - L&#039;Atelier du Bourg","og_description":"Identit\u00e9 \u2013 d\u00e9pliants et flyers de la saison culturelle 2019-20 de la ville d&rsquo;Indre. Les formes associ\u00e9es, tout au long des d\u00e9pliants et flyers, \u00e0 la mani\u00e8re du cadavre exquis de la saison 18-19*, cr\u00e9ent, pour d\u00e9chiffrer les messages de cette nouvelle ann\u00e9e, un syst\u00e8me de signes, un alphabet graphique, un langage cod\u00e9. *Saison 18-19&hellip;","og_url":"https:\/\/atelierdubourg.fr\/adb\/portfolio\/ici-ou-la-saison-19-20\/","og_site_name":"L&#039;Atelier du Bourg","article_modified_time":"2021-04-08T11:28:19+00:00","og_image":[{"width":1535,"height":1535,"url":"https:\/\/atelierdubourg.fr\/adb\/wp-content\/uploads\/2019\/12\/INDRE1920\u00a9ATELIERDUBOURG_MINI.jpg","type":"image\/jpeg"}],"twitter_card":"summary_large_image","twitter_misc":{"Dur\u00e9e de lecture estim\u00e9e":"1 minute"},"schema":{"@context":"https:\/\/schema.org","@graph":[{"@type":"WebPage","@id":"https:\/\/atelierdubourg.fr\/adb\/portfolio\/ici-ou-la-saison-19-20\/","url":"https:\/\/atelierdubourg.fr\/adb\/portfolio\/ici-ou-la-saison-19-20\/","name":"Ici ou L\u00e0 \u2013 Saison 19\/20 - L&#039;Atelier du Bourg","isPartOf":{"@id":"https:\/\/atelierdubourg.fr\/adb\/#website"},"datePublished":"2019-12-10T15:51:11+00:00","dateModified":"2021-04-08T11:28:19+00:00","breadcrumb":{"@id":"https:\/\/atelierdubourg.fr\/adb\/portfolio\/ici-ou-la-saison-19-20\/#breadcrumb"},"inLanguage":"fr-FR","potentialAction":[{"@type":"ReadAction","target":["https:\/\/atelierdubourg.fr\/adb\/portfolio\/ici-ou-la-saison-19-20\/"]}]},{"@type":"BreadcrumbList","@id":"https:\/\/atelierdubourg.fr\/adb\/portfolio\/ici-ou-la-saison-19-20\/#breadcrumb","itemListElement":[{"@type":"ListItem","position":1,"name":"Accueil","item":"https:\/\/atelierdubourg.fr\/adb\/"},{"@type":"ListItem","position":2,"name":"Portfolio","item":"https:\/\/atelierdubourg.fr\/adb\/portfolio\/"},{"@type":"ListItem","position":3,"name":"Ici ou L\u00e0 \u2013 Saison 19\/20"}]},{"@type":"WebSite","@id":"https:\/\/atelierdubourg.fr\/adb\/#website","url":"https:\/\/atelierdubourg.fr\/adb\/","name":"L&#039;Atelier du Bourg","description":"l&#039;Atelier du Bourg","potentialAction":[{"@type":"SearchAction","target":{"@type":"EntryPoint","urlTemplate":"https:\/\/atelierdubourg.fr\/adb\/?s={search_term_string}"},"query-input":"required name=search_term_string"}],"inLanguage":"fr-FR"}]}},"jetpack_sharing_enabled":true,"_links":{"self":[{"href":"https:\/\/atelierdubourg.fr\/adb\/wp-json\/wp\/v2\/portfolio\/1639"}],"collection":[{"href":"https:\/\/atelierdubourg.fr\/adb\/wp-json\/wp\/v2\/portfolio"}],"about":[{"href":"https:\/\/atelierdubourg.fr\/adb\/wp-json\/wp\/v2\/types\/portfolio"}],"author":[{"embeddable":true,"href":"https:\/\/atelierdubourg.fr\/adb\/wp-json\/wp\/v2\/users\/2"}],"replies":[{"embeddable":true,"href":"https:\/\/atelierdubourg.fr\/adb\/wp-json\/wp\/v2\/comments?post=1639"}],"version-history":[{"count":0,"href":"https:\/\/atelierdubourg.fr\/adb\/wp-json\/wp\/v2\/portfolio\/1639\/revisions"}],"wp:featuredmedia":[{"embeddable":true,"href":"https:\/\/atelierdubourg.fr\/adb\/wp-json\/wp\/v2\/media\/1663"}],"wp:attachment":[{"href":"https:\/\/atelierdubourg.fr\/adb\/wp-json\/wp\/v2\/media?parent=1639"}],"wp:term":[{"taxonomy":"portfolio_category","embeddable":true,"href":"https:\/\/atelierdubourg.fr\/adb\/wp-json\/wp\/v2\/portfolio_category?post=1639"},{"taxonomy":"portfolio_tag","embeddable":true,"href":"https:\/\/atelierdubourg.fr\/adb\/wp-json\/wp\/v2\/portfolio_tag?post=1639"}],"curies":[{"name":"wp","href":"https:\/\/api.w.org\/{rel}","templated":true}]}}